{"id":31177,"date":"2021-06-28T08:57:53","date_gmt":"2021-06-28T11:57:53","guid":{"rendered":"http:\/\/agenciabear.com.br\/?post_type=project&#038;p=31177"},"modified":"2024-02-19T12:13:31","modified_gmt":"2024-02-19T15:13:31","slug":"obra-social-samiar","status":"publish","type":"project","link":"https:\/\/agenciabear.com.br\/?project=obra-social-samiar","title":{"rendered":"OBRA SOCIAL SAMIAR"},"content":{"rendered":"<p>[et_pb_section fb_built=&#8221;1&#8243; _builder_version=&#8221;4.9.2&#8243; _module_preset=&#8221;default&#8221;][et_pb_row _builder_version=&#8221;4.9.2&#8243; _module_preset=&#8221;default&#8221;][et_pb_column type=&#8221;4_4&#8243; _builder_version=&#8221;4.9.2&#8243; _module_preset=&#8221;default&#8221;][et_pb_text _builder_version=&#8221;4.9.2&#8243; _module_preset=&#8221;a14a3070-0f27-4166-b303-92f53a7af324&#8243; text_font=&#8221;Montserrat|700|||||||&#8221; header_2_font=&#8221;Candal||||||||&#8221; header_2_text_color=&#8221;#FFFFFF&#8221; header_2_font_size=&#8221;42px&#8221; header_2_line_height=&#8221;1.2em&#8221; text_orientation=&#8221;center&#8221; background_layout=&#8221;dark&#8221; custom_margin=&#8221;-3px||10px||false|false&#8221; header_2_font_size_tablet=&#8221;30px&#8221; header_2_font_size_phone=&#8221;20px&#8221; header_2_font_size_last_edited=&#8221;on|tablet&#8221; locked=&#8221;off&#8221; inline_fonts=&#8221;Montserrat&#8221;]<\/p>\n<h2 style=\"text-align: left;\"><span style=\"color: #f4ad31;\"><strong><span style=\"font-family: Montserrat;\"><span style=\"color: #888888;\">&lt;<span>OBRA SOCIAL <\/span><\/span><span style=\"color: #ffba61;\"><span>SAMIAR<\/span>&gt;<\/span><\/span><\/strong><\/span><\/h2>\n<p>[\/et_pb_text][\/et_pb_column][\/et_pb_row][et_pb_row column_structure=&#8221;3_5,2_5&#8243; _builder_version=&#8221;4.9.2&#8243; _module_preset=&#8221;default&#8221;][et_pb_column type=&#8221;3_5&#8243; _builder_version=&#8221;4.9.2&#8243; _module_preset=&#8221;default&#8221;][et_pb_video src=&#8221;https:\/\/www.youtube.com\/watch?v=D0ml-p7QpNw&#8221; _builder_version=&#8221;4.9.2&#8243; _module_preset=&#8221;default&#8221; hover_enabled=&#8221;0&#8243; sticky_enabled=&#8221;0&#8243;][\/et_pb_video][el_masonry_gallery image_ids=&#8221;31180,31182,31181,31429&#8243; number_of_columns=&#8221;1&#8243; column_spacing=&#8221;0px&#8221; image_size=&#8221;large&#8221; enable_lightbox=&#8221;on&#8221; _builder_version=&#8221;4.9.2&#8243; _module_preset=&#8221;default&#8221; hover_enabled=&#8221;0&#8243; sticky_enabled=&#8221;0&#8243;][\/el_masonry_gallery][\/et_pb_column][et_pb_column type=&#8221;2_5&#8243; _builder_version=&#8221;4.9.2&#8243; _module_preset=&#8221;default&#8221;][et_pb_text _builder_version=&#8221;4.9.2&#8243; _module_preset=&#8221;85ec5774-0b51-4075-9641-4e0e2e6ea9dd&#8221; text_font=&#8221;Montserrat|500|||||||&#8221; text_text_color=&#8221;#888888&#8243; text_font_size=&#8221;18px&#8221; text_line_height=&#8221;1.8em&#8221; custom_margin=&#8221;2px|||||&#8221; text_font_size_tablet=&#8221;15px&#8221; text_font_size_phone=&#8221;14px&#8221; text_font_size_last_edited=&#8221;on|desktop&#8221;]<\/p>\n<p><span style=\"font-weight: 400;\">Cria\u00e7\u00e3o de identidade visual para a Campanha da Obra Social <\/span><span style=\"font-weight: 400;\">Santa Clara e S\u00e3o Francisco de Assis a fim de<\/span><span style=\"font-weight: 400;\"> divulga\u00e7\u00e3o nos primeiros canais digitais da Rede dos Franciscanos (Col\u00e9gio Pio XII, Col\u00e9gio Franscarmo, Col\u00e9gio S\u00e3o Francisco de Assis e Col\u00e9gio SAMIAR).<\/span><span style=\"font-weight: 400;\"><br \/><\/span><span style=\"font-weight: 400;\"><br \/><\/span><span style=\"font-weight: 400;\">A composi\u00e7\u00e3o das letras das palavras \u201cprato cheio\u201d foi pensada a partir dos principais alimentos n\u00e3o-perec\u00edveis solicitados em doa\u00e7\u00f5es, como arroz, feij\u00e3o, macarr\u00e3o, milho e a\u00e7\u00facar. Para a palavra \u201chigiene\u201d, os produtos utilizados foram: sabonete, shampoo, papel higi\u00eanico e pasta de dente.<\/span><\/p>\n<p>[\/et_pb_text][et_pb_blurb use_icon=&#8221;on&#8221; font_icon=&#8221;%%57%%&#8221; icon_color=&#8221;gcid-829e0644-2604-442b-87e9-fc4cf40a6edd&#8221; icon_placement=&#8221;left&#8221; use_icon_font_size=&#8221;on&#8221; icon_font_size=&#8221;23px&#8221; _builder_version=&#8221;4.9.2&#8243; _module_preset=&#8221;default&#8221; custom_margin=&#8221;||13px|||&#8221; global_colors_info=&#8221;{%22gcid-829e0644-2604-442b-87e9-fc4cf40a6edd%22:%91%22circle_color%22,%22icon_color%22%93,%22gcid-ca1139b5-c7aa-4c97-9e71-3da521dfe34b%22:%91%93}&#8221; circle_color=&#8221;gcid-829e0644-2604-442b-87e9-fc4cf40a6edd&#8221;]<\/p>\n<p><strong>Cliente:\u00a0<\/strong><span style=\"font-weight: 400;\">Obra Social Santa Clara e S\u00e3o Francisco de Assis\u00a0 \u2013 S\u00e3o Paulo<\/span><\/p>\n<p>[\/et_pb_blurb][et_pb_blurb use_icon=&#8221;on&#8221; font_icon=&#8221;%%57%%&#8221; icon_color=&#8221;gcid-829e0644-2604-442b-87e9-fc4cf40a6edd&#8221; icon_placement=&#8221;left&#8221; use_icon_font_size=&#8221;on&#8221; icon_font_size=&#8221;23px&#8221; _builder_version=&#8221;4.9.2&#8243; _module_preset=&#8221;default&#8221; custom_margin=&#8221;||13px|||&#8221; global_colors_info=&#8221;{%22gcid-829e0644-2604-442b-87e9-fc4cf40a6edd%22:%91%22circle_color%22,%22icon_color%22%93,%22gcid-ca1139b5-c7aa-4c97-9e71-3da521dfe34b%22:%91%93}&#8221; circle_color=&#8221;gcid-829e0644-2604-442b-87e9-fc4cf40a6edd&#8221;]<\/p>\n<p><strong>Segmento:\u00a0<\/strong><span style=\"font-weight: 400;\">Obra Social<\/span><\/p>\n<p>[\/et_pb_blurb][et_pb_blurb use_icon=&#8221;on&#8221; font_icon=&#8221;%%57%%&#8221; icon_color=&#8221;gcid-829e0644-2604-442b-87e9-fc4cf40a6edd&#8221; icon_placement=&#8221;left&#8221; use_icon_font_size=&#8221;on&#8221; icon_font_size=&#8221;23px&#8221; _builder_version=&#8221;4.9.2&#8243; _module_preset=&#8221;default&#8221; custom_margin=&#8221;||13px|||&#8221; global_colors_info=&#8221;{%22gcid-829e0644-2604-442b-87e9-fc4cf40a6edd%22:%91%22circle_color%22,%22icon_color%22%93,%22gcid-ca1139b5-c7aa-4c97-9e71-3da521dfe34b%22:%91%93}&#8221; circle_color=&#8221;gcid-829e0644-2604-442b-87e9-fc4cf40a6edd&#8221;]<\/p>\n<p><strong>Mote:\u00a0<\/strong><span style=\"font-weight: 400;\">Prato cheio e higiene <\/span><\/p>\n<p>[\/et_pb_blurb][et_pb_blurb use_icon=&#8221;on&#8221; font_icon=&#8221;%%57%%&#8221; icon_color=&#8221;gcid-829e0644-2604-442b-87e9-fc4cf40a6edd&#8221; icon_placement=&#8221;left&#8221; use_icon_font_size=&#8221;on&#8221; icon_font_size=&#8221;23px&#8221; _builder_version=&#8221;4.9.2&#8243; _module_preset=&#8221;default&#8221; custom_margin=&#8221;||13px|||&#8221; global_colors_info=&#8221;{%22gcid-829e0644-2604-442b-87e9-fc4cf40a6edd%22:%91%22circle_color%22,%22icon_color%22%93,%22gcid-ca1139b5-c7aa-4c97-9e71-3da521dfe34b%22:%91%93}&#8221; circle_color=&#8221;gcid-829e0644-2604-442b-87e9-fc4cf40a6edd&#8221;]<\/p>\n<p><strong>Objetivo: <\/strong><span style=\"font-weight: 400;\">Doa\u00e7\u00f5es<\/span><\/p>\n<p>[\/et_pb_blurb][et_pb_blurb use_icon=&#8221;on&#8221; font_icon=&#8221;%%57%%&#8221; icon_color=&#8221;gcid-829e0644-2604-442b-87e9-fc4cf40a6edd&#8221; icon_placement=&#8221;left&#8221; use_icon_font_size=&#8221;on&#8221; icon_font_size=&#8221;23px&#8221; _builder_version=&#8221;4.9.2&#8243; _module_preset=&#8221;default&#8221; custom_margin=&#8221;||13px|||&#8221; global_colors_info=&#8221;{%22gcid-829e0644-2604-442b-87e9-fc4cf40a6edd%22:%91%22circle_color%22,%22icon_color%22%93,%22gcid-ca1139b5-c7aa-4c97-9e71-3da521dfe34b%22:%91%93}&#8221; circle_color=&#8221;gcid-829e0644-2604-442b-87e9-fc4cf40a6edd&#8221;]<\/p>\n<p><strong>Ano:\u00a0<\/strong><span style=\"font-weight: 400;\">2020<\/span><\/p>\n<p>[\/et_pb_blurb][et_pb_blurb use_icon=&#8221;on&#8221; font_icon=&#8221;%%57%%&#8221; icon_color=&#8221;gcid-829e0644-2604-442b-87e9-fc4cf40a6edd&#8221; icon_placement=&#8221;left&#8221; use_icon_font_size=&#8221;on&#8221; icon_font_size=&#8221;23px&#8221; _builder_version=&#8221;4.9.2&#8243; _module_preset=&#8221;default&#8221; custom_margin=&#8221;||13px|||&#8221; global_colors_info=&#8221;{%22gcid-829e0644-2604-442b-87e9-fc4cf40a6edd%22:%91%22circle_color%22,%22icon_color%22%93,%22gcid-ca1139b5-c7aa-4c97-9e71-3da521dfe34b%22:%91%93}&#8221; circle_color=&#8221;gcid-829e0644-2604-442b-87e9-fc4cf40a6edd&#8221;]<\/p>\n<p><strong>Tipo de Campanha:\u00a0\u00a0<\/strong><\/p>\n<ul>\n<li><span style=\"font-weight: 400;\"> Rede Franciscanos\u00a0<\/span><\/li>\n<\/ul>\n<p>[\/et_pb_blurb][\/et_pb_column][\/et_pb_row][\/et_pb_section]<\/p>\n","protected":false},"excerpt":{"rendered":"<p>&lt;OBRA SOCIAL SAMIAR&gt;<div class=\"et_pb_module el_masonry_gallery el_masonry_gallery_0\">\n\t\t\t\t\n\t\t\t\t\n\t\t\t\t\n\t\t\t\t\n\t\t\t\t\n\t\t\t\t\n\t\t\t\t<div class=\"et_pb_module_inner\">\n\t\t\t\t\t\n\t\t\t<div class=\"el_masonry_gallery_wrapper\"data-enable_lightbox=\"on\" data-lightbox_effect=\"none\" data-enable_navigation=\"on\" data-isotope_transition_duration=\"400\">\n\t\t\t\t<div class=\"el_masonry_gallery_item_gutter\"><\/div>\n\t\t\t\t<div data-mfp-src=\"https:\/\/agenciabear.com.br\/wp-content\/uploads\/2021\/06\/Banner-Site-1.png\" class=\"el_masonry_gallery_item\">\n\t\t\t\t\t\t<div class=\"el_masonry_gallery_image_wrapper\"><img width=\"1024\" height=\"724\" src=\"https:\/\/agenciabear.com.br\/wp-content\/uploads\/2021\/06\/Banner-Site-1-1024x724.png\" class=\"attachment-large size-large no-lazyload skip-lazy\" alt=\"\" decoding=\"async\" loading=\"lazy\" srcset=\"https:\/\/agenciabear.com.br\/wp-content\/uploads\/2021\/06\/Banner-Site-1-980x693.png 980w, https:\/\/agenciabear.com.br\/wp-content\/uploads\/2021\/06\/Banner-Site-1-480x339.png 480w\" sizes=\"(min-width: 0px) and (max-width: 480px) 480px, (min-width: 481px) and (max-width: 980px) 980px, (min-width: 981px) 1024px, 100vw\" \/> <\/div>\n\t\t\t\t\t\t\n\t\t\t\t\t<\/div><div data-mfp-src=\"https:\/\/agenciabear.com.br\/wp-content\/uploads\/2021\/06\/doacao-banner-1.jpg\" class=\"el_masonry_gallery_item\">\n\t\t\t\t\t\t<div class=\"el_masonry_gallery_image_wrapper\"><img width=\"1024\" height=\"205\" src=\"https:\/\/agenciabear.com.br\/wp-content\/uploads\/2021\/06\/doacao-banner-1-1024x205.jpg\" class=\"attachment-large size-large no-lazyload skip-lazy\" alt=\"\" decoding=\"async\" loading=\"lazy\" srcset=\"https:\/\/agenciabear.com.br\/wp-content\/uploads\/2021\/06\/doacao-banner-1-980x196.jpg 980w, https:\/\/agenciabear.com.br\/wp-content\/uploads\/2021\/06\/doacao-banner-1-480x96.jpg 480w\" sizes=\"(min-width: 0px) and (max-width: 480px) 480px, (min-width: 481px) and (max-width: 980px) 980px, (min-width: 981px) 1024px, 100vw\" \/> <\/div>\n\t\t\t\t\t\t\n\t\t\t\t\t<\/div><div data-mfp-src=\"https:\/\/agenciabear.com.br\/wp-content\/uploads\/2021\/06\/carrossel-prato-cheio-1.png\" class=\"el_masonry_gallery_item\">\n\t\t\t\t\t\t<div class=\"el_masonry_gallery_image_wrapper\"><img width=\"1024\" height=\"531\" src=\"https:\/\/agenciabear.com.br\/wp-content\/uploads\/2021\/06\/carrossel-prato-cheio-1-1024x531.png\" class=\"attachment-large size-large no-lazyload skip-lazy\" alt=\"\" decoding=\"async\" loading=\"lazy\" srcset=\"https:\/\/agenciabear.com.br\/wp-content\/uploads\/2021\/06\/carrossel-prato-cheio-1-980x508.png 980w, https:\/\/agenciabear.com.br\/wp-content\/uploads\/2021\/06\/carrossel-prato-cheio-1-480x249.png 480w\" sizes=\"(min-width: 0px) and (max-width: 480px) 480px, (min-width: 481px) and (max-width: 980px) 980px, (min-width: 981px) 1024px, 100vw\" \/> <\/div>\n\t\t\t\t\t\t\n\t\t\t\t\t<\/div><div data-mfp-src=\"https:\/\/agenciabear.com.br\/wp-content\/uploads\/2021\/07\/doacao-story.jpg\" class=\"el_masonry_gallery_item\">\n\t\t\t\t\t\t<div class=\"el_masonry_gallery_image_wrapper\"><img width=\"576\" height=\"1024\" src=\"https:\/\/agenciabear.com.br\/wp-content\/uploads\/2021\/07\/doacao-story-576x1024.jpg\" class=\"attachment-large size-large no-lazyload skip-lazy\" alt=\"\" decoding=\"async\" loading=\"lazy\" \/> <\/div>\n\t\t\t\t\t\t\n\t\t\t\t\t<\/div>\n\t\t\t<\/div>\n\t\t\t\n\t\t\t\t<\/div>\n\t\t\t<\/div>Cria\u00e7\u00e3o de identidade visual para a Campanha da Obra Social Santa Clara e S\u00e3o Francisco de Assis a fim de divulga\u00e7\u00e3o nos primeiros canais digitais da Rede dos Franciscanos (Col\u00e9gio Pio XII, Col\u00e9gio Franscarmo, Col\u00e9gio S\u00e3o Francisco de Assis e Col\u00e9gio SAMIAR).A composi\u00e7\u00e3o das [&hellip;]<\/p>\n","protected":false},"author":4,"featured_media":31270,"comment_status":"closed","ping_status":"closed","template":"","meta":{"_et_pb_use_builder":"on","_et_pb_old_content":"","_et_gb_content_width":"","footnotes":""},"project_category":[57,58,66],"project_tag":[],"class_list":["post-31177","project","type-project","status-publish","has-post-thumbnail","hentry","project_category-campanha","project_category-digital","project_category-samiar"],"_links":{"self":[{"href":"https:\/\/agenciabear.com.br\/index.php?rest_route=\/wp\/v2\/project\/31177","targetHints":{"allow":["GET"]}}],"collection":[{"href":"https:\/\/agenciabear.com.br\/index.php?rest_route=\/wp\/v2\/project"}],"about":[{"href":"https:\/\/agenciabear.com.br\/index.php?rest_route=\/wp\/v2\/types\/project"}],"author":[{"embeddable":true,"href":"https:\/\/agenciabear.com.br\/index.php?rest_route=\/wp\/v2\/users\/4"}],"replies":[{"embeddable":true,"href":"https:\/\/agenciabear.com.br\/index.php?rest_route=%2Fwp%2Fv2%2Fcomments&post=31177"}],"version-history":[{"count":8,"href":"https:\/\/agenciabear.com.br\/index.php?rest_route=\/wp\/v2\/project\/31177\/revisions"}],"predecessor-version":[{"id":31430,"href":"https:\/\/agenciabear.com.br\/index.php?rest_route=\/wp\/v2\/project\/31177\/revisions\/31430"}],"wp:featuredmedia":[{"embeddable":true,"href":"https:\/\/agenciabear.com.br\/index.php?rest_route=\/wp\/v2\/media\/31270"}],"wp:attachment":[{"href":"https:\/\/agenciabear.com.br\/index.php?rest_route=%2Fwp%2Fv2%2Fmedia&parent=31177"}],"wp:term":[{"taxonomy":"project_category","embeddable":true,"href":"https:\/\/agenciabear.com.br\/index.php?rest_route=%2Fwp%2Fv2%2Fproject_category&post=31177"},{"taxonomy":"project_tag","embeddable":true,"href":"https:\/\/agenciabear.com.br\/index.php?rest_route=%2Fwp%2Fv2%2Fproject_tag&post=31177"}],"curies":[{"name":"wp","href":"https:\/\/api.w.org\/{rel}","templated":true}]}}